{"id":258,"date":"2024-01-09T10:21:18","date_gmt":"2024-01-09T10:21:18","guid":{"rendered":"https:\/\/archi2.oceanthemes.site\/industry\/?page_id=258"},"modified":"2026-04-24T17:12:11","modified_gmt":"2026-04-24T16:12:11","slug":"noticias","status":"publish","type":"page","link":"https:\/\/www.sfup.org\/sfupwp\/noticias\/","title":{"rendered":"Not\u00edcias"},"content":{"rendered":"\t\t<div data-elementor-type=\"wp-page\" data-elementor-id=\"258\" class=\"elementor elementor-258\" data-elementor-post-type=\"page\">\n\t\t\t\t<div class=\"elementor-element elementor-element-403b230 e-flex e-con-boxed e-con e-parent\" data-id=\"403b230\" data-element_type=\"container\" data-e-type=\"container\" data-settings=\"{&quot;background_background&quot;:&quot;classic&quot;}\">\n\t\t\t\t\t<div class=\"e-con-inner\">\n\t\t\t\t<div class=\"elementor-element elementor-element-76cb1537 elementor-widget elementor-widget-ot-heading\" data-id=\"76cb1537\" data-element_type=\"widget\" data-e-type=\"widget\" data-widget_type=\"ot-heading.default\">\n\t\t\t\t<div class=\"elementor-widget-container\">\n\t\t\t\t\t\t\t<div class=\"ot-heading\">\r\n\t\t\t<span class=\"ot-heading__sub\">A atualidade da SFUP<\/span>\t        <h2 class=\"ot-heading__title\">NOT\u00cdCIAS<\/h2>\t    <\/div>\r\n\t    \t\t\t\t<\/div>\n\t\t\t\t<\/div>\n\t\t\t\t<div class=\"elementor-element elementor-element-675ede5 elementor-widget elementor-widget-text-editor\" data-id=\"675ede5\" data-element_type=\"widget\" data-e-type=\"widget\" data-widget_type=\"text-editor.default\">\n\t\t\t\t\t\t\t\t\t<p>Acompanhe as \u00faltimas novidades da SFUP: espet\u00e1culos, novidades das atividades e muito mais.<\/p>\t\t\t\t\t\t\t\t<\/div>\n\t\t\t\t<div class=\"elementor-element elementor-element-bd1501a elementor-grid-3 elementor-grid-tablet-2 elementor-grid-mobile-1 elementor-posts--thumbnail-top elementor-widget elementor-widget-posts\" data-id=\"bd1501a\" data-element_type=\"widget\" data-e-type=\"widget\" data-settings=\"{&quot;pagination_type&quot;:&quot;numbers&quot;,&quot;classic_columns&quot;:&quot;3&quot;,&quot;classic_columns_tablet&quot;:&quot;2&quot;,&quot;classic_columns_mobile&quot;:&quot;1&quot;,&quot;classic_row_gap&quot;:{&quot;unit&quot;:&quot;px&quot;,&quot;size&quot;:35,&quot;sizes&quot;:[]},&quot;classic_row_gap_tablet&quot;:{&quot;unit&quot;:&quot;px&quot;,&quot;size&quot;:&quot;&quot;,&quot;sizes&quot;:[]},&quot;classic_row_gap_mobile&quot;:{&quot;unit&quot;:&quot;px&quot;,&quot;size&quot;:&quot;&quot;,&quot;sizes&quot;:[]}}\" data-widget_type=\"posts.classic\">\n\t\t\t\t<div class=\"elementor-widget-container\">\n\t\t\t\t\t\t\t<div class=\"elementor-posts-container elementor-posts elementor-posts--skin-classic elementor-grid\" role=\"list\">\n\t\t\t\t<article class=\"elementor-post elementor-grid-item post-25497 post type-post status-publish format-standard has-post-thumbnail hentry category-noticias\" role=\"listitem\">\n\t\t\t\t<a class=\"elementor-post__thumbnail__link\" href=\"https:\/\/www.sfup.org\/sfupwp\/doze-locais-para-aproveitar-ao-maximo-o-25-de-abril-com-musica-fogo-de-artificio-e-muita-historia\/\" tabindex=\"-1\">\n\t\t\t<div class=\"elementor-post__thumbnail\"><img fetchpriority=\"high\" decoding=\"async\" width=\"300\" height=\"169\" src=\"https:\/\/www.sfup.org\/sfupwp\/wp-content\/uploads\/2026\/04\/image-1-300x169.webp\" class=\"attachment-medium size-medium wp-image-25498\" alt=\"Comemora\u00e7\u00f5es 25 Abril\" srcset=\"https:\/\/www.sfup.org\/sfupwp\/wp-content\/uploads\/2026\/04\/image-1-300x169.webp 300w, https:\/\/www.sfup.org\/sfupwp\/wp-content\/uploads\/2026\/04\/image-1-1024x576.webp 1024w, https:\/\/www.sfup.org\/sfupwp\/wp-content\/uploads\/2026\/04\/image-1-768x432.webp 768w, https:\/\/www.sfup.org\/sfupwp\/wp-content\/uploads\/2026\/04\/image-1.webp 1200w\" sizes=\"(max-width: 300px) 100vw, 300px\" \/><\/div>\n\t\t<\/a>\n\t\t\t\t<div class=\"elementor-post__text\">\n\t\t\t\t<h3 class=\"elementor-post__title\">\n\t\t\t<a href=\"https:\/\/www.sfup.org\/sfupwp\/doze-locais-para-aproveitar-ao-maximo-o-25-de-abril-com-musica-fogo-de-artificio-e-muita-historia\/\">\n\t\t\t\tDoze locais para aproveitar ao m\u00e1ximo o 25 de Abril com m\u00fasica, fogo de artif\u00edcio e muita Hist\u00f3ria\t\t\t<\/a>\n\t\t<\/h3>\n\t\t\t\t<div class=\"elementor-post__meta-data\">\n\t\t\t\t\t<span class=\"elementor-post-date\">\n\t\t\t24 Abril, 2026\t\t<\/span>\n\t\t\t\t<\/div>\n\t\t\t\t<div class=\"elementor-post__excerpt\">\n\t\t\t<p>Loures tem hip-hop e a Hist\u00f3ria revisitada Em Loures, no 25 de Abril realiza-se a sess\u00e3o solene da Assembleia Municipal e um espet\u00e1culo musical, \u00e0s 19.30 horas. O pavilh\u00e3o Paz e Amizade recebe o espet\u00e1culo de hip-hop &#8220;Um Passo para a Liberdade&#8221;, criado pela Sociedade Filarm\u00f3nica Uni\u00e3o Pinheirense com mais de quatro dezenas de jovens int\u00e9rpretes. A apresenta\u00e7\u00e3o &#8220;revisita, em quatro cap\u00edtulos, o Estado Novo, a resist\u00eancia e a revolu\u00e7\u00e3o atrav\u00e9s da for\u00e7a expressiva da dan\u00e7a urbana&#8221;, explica a autarquia.<\/p>\n\t\t<\/div>\n\t\t\n\t\t<a class=\"elementor-post__read-more\" href=\"https:\/\/www.sfup.org\/sfupwp\/doze-locais-para-aproveitar-ao-maximo-o-25-de-abril-com-musica-fogo-de-artificio-e-muita-historia\/\" aria-label=\"Read more about Doze locais para aproveitar ao m\u00e1ximo o 25 de Abril com m\u00fasica, fogo de artif\u00edcio e muita Hist\u00f3ria\" tabindex=\"-1\">\n\t\t\tLer mais \u00bb\t\t<\/a>\n\n\t\t\t\t<\/div>\n\t\t\t\t<\/article>\n\t\t\t\t<article class=\"elementor-post elementor-grid-item post-5905 post type-post status-publish format-standard has-post-thumbnail hentry category-noticias tag-workshop\" role=\"listitem\">\n\t\t\t\t<a class=\"elementor-post__thumbnail__link\" href=\"https:\/\/www.sfup.org\/sfupwp\/workshop-de-jogos-tradicionais\/\" tabindex=\"-1\">\n\t\t\t<div class=\"elementor-post__thumbnail\"><img decoding=\"async\" width=\"240\" height=\"300\" src=\"https:\/\/www.sfup.org\/sfupwp\/wp-content\/uploads\/2023\/09\/380116750_702180761939220_8817339881622767916_n-240x300.jpg\" class=\"attachment-medium size-medium wp-image-5906\" alt=\"\" srcset=\"https:\/\/www.sfup.org\/sfupwp\/wp-content\/uploads\/2023\/09\/380116750_702180761939220_8817339881622767916_n-240x300.jpg 240w, https:\/\/www.sfup.org\/sfupwp\/wp-content\/uploads\/2023\/09\/380116750_702180761939220_8817339881622767916_n-819x1024.jpg 819w, https:\/\/www.sfup.org\/sfupwp\/wp-content\/uploads\/2023\/09\/380116750_702180761939220_8817339881622767916_n-768x960.jpg 768w, https:\/\/www.sfup.org\/sfupwp\/wp-content\/uploads\/2023\/09\/380116750_702180761939220_8817339881622767916_n.jpg 1080w\" sizes=\"(max-width: 240px) 100vw, 240px\" \/><\/div>\n\t\t<\/a>\n\t\t\t\t<div class=\"elementor-post__text\">\n\t\t\t\t<h3 class=\"elementor-post__title\">\n\t\t\t<a href=\"https:\/\/www.sfup.org\/sfupwp\/workshop-de-jogos-tradicionais\/\">\n\t\t\t\tWorkshop de Jogos Tradicionais\t\t\t<\/a>\n\t\t<\/h3>\n\t\t\t\t<div class=\"elementor-post__meta-data\">\n\t\t\t\t\t<span class=\"elementor-post-date\">\n\t\t\t19 Setembro, 2023\t\t<\/span>\n\t\t\t\t<\/div>\n\t\t\t\t<div class=\"elementor-post__excerpt\">\n\t\t\t<p>J\u00e1 pensaram em participar num workshop cujo grande objetivo \u00e9 a divers\u00e3o? Este evento integra o Or\u00e7amento Participativo, projeto que estamos a dinamizar, com o apoio da Junta de Freguesia de Loures!<\/p>\n\t\t<\/div>\n\t\t\n\t\t<a class=\"elementor-post__read-more\" href=\"https:\/\/www.sfup.org\/sfupwp\/workshop-de-jogos-tradicionais\/\" aria-label=\"Read more about Workshop de Jogos Tradicionais\" tabindex=\"-1\">\n\t\t\tLer mais \u00bb\t\t<\/a>\n\n\t\t\t\t<\/div>\n\t\t\t\t<\/article>\n\t\t\t\t<article class=\"elementor-post elementor-grid-item post-5902 post type-post status-publish format-standard has-post-thumbnail hentry category-noticias tag-costura tag-workshop\" role=\"listitem\">\n\t\t\t\t<a class=\"elementor-post__thumbnail__link\" href=\"https:\/\/www.sfup.org\/sfupwp\/workshop-de-costura\/\" tabindex=\"-1\">\n\t\t\t<div class=\"elementor-post__thumbnail\"><img decoding=\"async\" width=\"300\" height=\"275\" src=\"https:\/\/www.sfup.org\/sfupwp\/wp-content\/uploads\/2023\/06\/352744005_651846810305949_4021303631384551175_n-300x275.jpg\" class=\"attachment-medium size-medium wp-image-5903\" alt=\"\" srcset=\"https:\/\/www.sfup.org\/sfupwp\/wp-content\/uploads\/2023\/06\/352744005_651846810305949_4021303631384551175_n-300x275.jpg 300w, https:\/\/www.sfup.org\/sfupwp\/wp-content\/uploads\/2023\/06\/352744005_651846810305949_4021303631384551175_n-1024x939.jpg 1024w, https:\/\/www.sfup.org\/sfupwp\/wp-content\/uploads\/2023\/06\/352744005_651846810305949_4021303631384551175_n-768x704.jpg 768w, https:\/\/www.sfup.org\/sfupwp\/wp-content\/uploads\/2023\/06\/352744005_651846810305949_4021303631384551175_n.jpg 1080w\" sizes=\"(max-width: 300px) 100vw, 300px\" \/><\/div>\n\t\t<\/a>\n\t\t\t\t<div class=\"elementor-post__text\">\n\t\t\t\t<h3 class=\"elementor-post__title\">\n\t\t\t<a href=\"https:\/\/www.sfup.org\/sfupwp\/workshop-de-costura\/\">\n\t\t\t\tWorkshop de costura\t\t\t<\/a>\n\t\t<\/h3>\n\t\t\t\t<div class=\"elementor-post__meta-data\">\n\t\t\t\t\t<span class=\"elementor-post-date\">\n\t\t\t23 Junho, 2023\t\t<\/span>\n\t\t\t\t<\/div>\n\t\t\t\t<div class=\"elementor-post__excerpt\">\n\t\t\t<p>A Dulce Santos realizar\u00e1 um novo workshop de costura, desta vez dedicado \u00e0s m\u00e3os mais pequeninas! &nbsp;<\/p>\n\t\t<\/div>\n\t\t\n\t\t<a class=\"elementor-post__read-more\" href=\"https:\/\/www.sfup.org\/sfupwp\/workshop-de-costura\/\" aria-label=\"Read more about Workshop de costura\" tabindex=\"-1\">\n\t\t\tLer mais \u00bb\t\t<\/a>\n\n\t\t\t\t<\/div>\n\t\t\t\t<\/article>\n\t\t\t\t<article class=\"elementor-post elementor-grid-item post-5898 post type-post status-publish format-standard has-post-thumbnail hentry category-noticias tag-aniversario tag-chorusup tag-concerto tag-coro tag-espetaculo tag-festa\" role=\"listitem\">\n\t\t\t\t<a class=\"elementor-post__thumbnail__link\" href=\"https:\/\/www.sfup.org\/sfupwp\/9-o-aniversario-chorusup\/\" tabindex=\"-1\">\n\t\t\t<div class=\"elementor-post__thumbnail\"><img loading=\"lazy\" decoding=\"async\" width=\"212\" height=\"300\" src=\"https:\/\/www.sfup.org\/sfupwp\/wp-content\/uploads\/2023\/05\/WhatsApp-Image-2023-05-16-at-21.53.01-212x300.jpeg\" class=\"attachment-medium size-medium wp-image-5899\" alt=\"\" srcset=\"https:\/\/www.sfup.org\/sfupwp\/wp-content\/uploads\/2023\/05\/WhatsApp-Image-2023-05-16-at-21.53.01-212x300.jpeg 212w, https:\/\/www.sfup.org\/sfupwp\/wp-content\/uploads\/2023\/05\/WhatsApp-Image-2023-05-16-at-21.53.01-724x1024.jpeg 724w, https:\/\/www.sfup.org\/sfupwp\/wp-content\/uploads\/2023\/05\/WhatsApp-Image-2023-05-16-at-21.53.01-768x1087.jpeg 768w, https:\/\/www.sfup.org\/sfupwp\/wp-content\/uploads\/2023\/05\/WhatsApp-Image-2023-05-16-at-21.53.01.jpeg 1080w\" sizes=\"(max-width: 212px) 100vw, 212px\" \/><\/div>\n\t\t<\/a>\n\t\t\t\t<div class=\"elementor-post__text\">\n\t\t\t\t<h3 class=\"elementor-post__title\">\n\t\t\t<a href=\"https:\/\/www.sfup.org\/sfupwp\/9-o-aniversario-chorusup\/\">\n\t\t\t\t9.\u00ba Anivers\u00e1rio &#8211; Chorus&#8217;UP\t\t\t<\/a>\n\t\t<\/h3>\n\t\t\t\t<div class=\"elementor-post__meta-data\">\n\t\t\t\t\t<span class=\"elementor-post-date\">\n\t\t\t16 Maio, 2023\t\t<\/span>\n\t\t\t\t<\/div>\n\t\t\t\t<div class=\"elementor-post__excerpt\">\n\t\t\t<p>No dia 21 de maio, pelas 15 horas, o Chorus&#8217;UP comemorar\u00e1 o seu 9.\u00ba anivers\u00e1rio. Contar\u00e1, para tal, com a participa\u00e7\u00e3o especial do Coro Polif\u00f3nico Naco Cantat.<\/p>\n\t\t<\/div>\n\t\t\n\t\t<a class=\"elementor-post__read-more\" href=\"https:\/\/www.sfup.org\/sfupwp\/9-o-aniversario-chorusup\/\" aria-label=\"Read more about 9.\u00ba Anivers\u00e1rio &#8211; Chorus&#8217;UP\" tabindex=\"-1\">\n\t\t\tLer mais \u00bb\t\t<\/a>\n\n\t\t\t\t<\/div>\n\t\t\t\t<\/article>\n\t\t\t\t<article class=\"elementor-post elementor-grid-item post-5894 post type-post status-publish format-standard has-post-thumbnail hentry category-noticias tag-danca tag-espetaculo tag-hip-hop\" role=\"listitem\">\n\t\t\t\t<a class=\"elementor-post__thumbnail__link\" href=\"https:\/\/www.sfup.org\/sfupwp\/festival-loures-danca\/\" tabindex=\"-1\">\n\t\t\t<div class=\"elementor-post__thumbnail\"><img loading=\"lazy\" decoding=\"async\" width=\"300\" height=\"300\" src=\"https:\/\/www.sfup.org\/sfupwp\/wp-content\/uploads\/2023\/05\/IMG_POST6MAIO_FestivalDan\u00e7a-300x300.jpg\" class=\"attachment-medium size-medium wp-image-5896\" alt=\"\" srcset=\"https:\/\/www.sfup.org\/sfupwp\/wp-content\/uploads\/2023\/05\/IMG_POST6MAIO_FestivalDan\u00e7a-300x300.jpg 300w, https:\/\/www.sfup.org\/sfupwp\/wp-content\/uploads\/2023\/05\/IMG_POST6MAIO_FestivalDan\u00e7a-1024x1024.jpg 1024w, https:\/\/www.sfup.org\/sfupwp\/wp-content\/uploads\/2023\/05\/IMG_POST6MAIO_FestivalDan\u00e7a-150x150.jpg 150w, https:\/\/www.sfup.org\/sfupwp\/wp-content\/uploads\/2023\/05\/IMG_POST6MAIO_FestivalDan\u00e7a-768x768.jpg 768w, https:\/\/www.sfup.org\/sfupwp\/wp-content\/uploads\/2023\/05\/IMG_POST6MAIO_FestivalDan\u00e7a-1536x1536.jpg 1536w, https:\/\/www.sfup.org\/sfupwp\/wp-content\/uploads\/2023\/05\/IMG_POST6MAIO_FestivalDan\u00e7a.jpg 2000w\" sizes=\"(max-width: 300px) 100vw, 300px\" \/><\/div>\n\t\t<\/a>\n\t\t\t\t<div class=\"elementor-post__text\">\n\t\t\t\t<h3 class=\"elementor-post__title\">\n\t\t\t<a href=\"https:\/\/www.sfup.org\/sfupwp\/festival-loures-danca\/\">\n\t\t\t\tFestival &#8211; Loures Dan\u00e7a\t\t\t<\/a>\n\t\t<\/h3>\n\t\t\t\t<div class=\"elementor-post__meta-data\">\n\t\t\t\t\t<span class=\"elementor-post-date\">\n\t\t\t3 Maio, 2023\t\t<\/span>\n\t\t\t\t<\/div>\n\t\t\t\t<div class=\"elementor-post__excerpt\">\n\t\t\t<p>No pr\u00f3ximo dia 6, os nossos dois grupos de Hip-Hop, M&#8217;Kids e M&#8217;Teens atuar\u00e3o no Pavilh\u00e3o Paz e Amizade, em Loures, uma iniciativa da C\u00e2mara Municipal de Loures. &nbsp;<\/p>\n\t\t<\/div>\n\t\t\n\t\t<a class=\"elementor-post__read-more\" href=\"https:\/\/www.sfup.org\/sfupwp\/festival-loures-danca\/\" aria-label=\"Read more about Festival &#8211; Loures Dan\u00e7a\" tabindex=\"-1\">\n\t\t\tLer mais \u00bb\t\t<\/a>\n\n\t\t\t\t<\/div>\n\t\t\t\t<\/article>\n\t\t\t\t<article class=\"elementor-post elementor-grid-item post-5891 post type-post status-publish format-standard has-post-thumbnail hentry category-noticias tag-espetaculo tag-festa tag-teatrup tag-teatrup-kids tag-teatro tag-teen\" role=\"listitem\">\n\t\t\t\t<a class=\"elementor-post__thumbnail__link\" href=\"https:\/\/www.sfup.org\/sfupwp\/festa-do-teatro\/\" tabindex=\"-1\">\n\t\t\t<div class=\"elementor-post__thumbnail\"><img loading=\"lazy\" decoding=\"async\" width=\"212\" height=\"300\" src=\"https:\/\/www.sfup.org\/sfupwp\/wp-content\/uploads\/2023\/04\/Cartaz_FESTA_TEATRO_SFUP_2023-212x300.png\" class=\"attachment-medium size-medium wp-image-5892\" alt=\"\" srcset=\"https:\/\/www.sfup.org\/sfupwp\/wp-content\/uploads\/2023\/04\/Cartaz_FESTA_TEATRO_SFUP_2023-212x300.png 212w, https:\/\/www.sfup.org\/sfupwp\/wp-content\/uploads\/2023\/04\/Cartaz_FESTA_TEATRO_SFUP_2023-724x1024.png 724w, https:\/\/www.sfup.org\/sfupwp\/wp-content\/uploads\/2023\/04\/Cartaz_FESTA_TEATRO_SFUP_2023-768x1086.png 768w, https:\/\/www.sfup.org\/sfupwp\/wp-content\/uploads\/2023\/04\/Cartaz_FESTA_TEATRO_SFUP_2023-1086x1536.png 1086w, https:\/\/www.sfup.org\/sfupwp\/wp-content\/uploads\/2023\/04\/Cartaz_FESTA_TEATRO_SFUP_2023-1448x2048.png 1448w, https:\/\/www.sfup.org\/sfupwp\/wp-content\/uploads\/2023\/04\/Cartaz_FESTA_TEATRO_SFUP_2023.png 1587w\" sizes=\"(max-width: 212px) 100vw, 212px\" \/><\/div>\n\t\t<\/a>\n\t\t\t\t<div class=\"elementor-post__text\">\n\t\t\t\t<h3 class=\"elementor-post__title\">\n\t\t\t<a href=\"https:\/\/www.sfup.org\/sfupwp\/festa-do-teatro\/\">\n\t\t\t\tFesta do Teatro\t\t\t<\/a>\n\t\t<\/h3>\n\t\t\t\t<div class=\"elementor-post__meta-data\">\n\t\t\t\t\t<span class=\"elementor-post-date\">\n\t\t\t19 Abril, 2023\t\t<\/span>\n\t\t\t\t<\/div>\n\t\t\t\t<div class=\"elementor-post__excerpt\">\n\t\t\t<p>FESTA DO TEATRO: Um dos grandes eventos deste ano!<\/p>\n\t\t<\/div>\n\t\t\n\t\t<a class=\"elementor-post__read-more\" href=\"https:\/\/www.sfup.org\/sfupwp\/festa-do-teatro\/\" aria-label=\"Read more about Festa do Teatro\" tabindex=\"-1\">\n\t\t\tLer mais \u00bb\t\t<\/a>\n\n\t\t\t\t<\/div>\n\t\t\t\t<\/article>\n\t\t\t\t<article class=\"elementor-post elementor-grid-item post-5886 post type-post status-publish format-standard has-post-thumbnail hentry category-noticias tag-karate\" role=\"listitem\">\n\t\t\t\t<a class=\"elementor-post__thumbnail__link\" href=\"https:\/\/www.sfup.org\/sfupwp\/karate-provas-oficiais\/\" tabindex=\"-1\">\n\t\t\t<div class=\"elementor-post__thumbnail\"><img loading=\"lazy\" decoding=\"async\" width=\"300\" height=\"198\" src=\"https:\/\/www.sfup.org\/sfupwp\/wp-content\/uploads\/2017\/09\/Karate-Atlanta_Taekwondo-at-Every-Age_image-1-300x198.jpg\" class=\"attachment-medium size-medium wp-image-5404\" alt=\"\" srcset=\"https:\/\/www.sfup.org\/sfupwp\/wp-content\/uploads\/2017\/09\/Karate-Atlanta_Taekwondo-at-Every-Age_image-1-300x198.jpg 300w, https:\/\/www.sfup.org\/sfupwp\/wp-content\/uploads\/2017\/09\/Karate-Atlanta_Taekwondo-at-Every-Age_image-1-1024x675.jpg 1024w, https:\/\/www.sfup.org\/sfupwp\/wp-content\/uploads\/2017\/09\/Karate-Atlanta_Taekwondo-at-Every-Age_image-1-768x506.jpg 768w, https:\/\/www.sfup.org\/sfupwp\/wp-content\/uploads\/2017\/09\/Karate-Atlanta_Taekwondo-at-Every-Age_image-1-1536x1012.jpg 1536w, https:\/\/www.sfup.org\/sfupwp\/wp-content\/uploads\/2017\/09\/Karate-Atlanta_Taekwondo-at-Every-Age_image-1.jpg 1698w\" sizes=\"(max-width: 300px) 100vw, 300px\" \/><\/div>\n\t\t<\/a>\n\t\t\t\t<div class=\"elementor-post__text\">\n\t\t\t\t<h3 class=\"elementor-post__title\">\n\t\t\t<a href=\"https:\/\/www.sfup.org\/sfupwp\/karate-provas-oficiais\/\">\n\t\t\t\tKarat\u00e9 &#8211; provas oficiais\t\t\t<\/a>\n\t\t<\/h3>\n\t\t\t\t<div class=\"elementor-post__meta-data\">\n\t\t\t\t\t<span class=\"elementor-post-date\">\n\t\t\t22 Mar\u00e7o, 2023\t\t<\/span>\n\t\t\t\t<\/div>\n\t\t\t\t<div class=\"elementor-post__excerpt\">\n\t\t\t<p>No passado dia 19 de Mar\u00e7o de 2023, realizou-se o 1\u00b0 Open de Karat\u00e9 de Odivelas. Estiveram presente 550 competidores oriundos da Alemanha, Inglaterra e Portugal. O grupo de Karat\u00e9 da Sociedade Filarm\u00f3nica Uni\u00e3o Pinheirense (SFUP), estreou-se nestas provas de elevado n\u00edvel,\u00a0 com os seguintes competidores na vertente de Kumite (combate): &#8211; S\u00c9RGIO CUNHA na Cat.\u00a0S\u00e9nior Masc. -67kg Teve uma \u00f3tima presta\u00e7\u00e3o no seu primeiro combate, tendo sido eliminado pela margem m\u00ednima, pelo competidor que veio a consagrar-se campe\u00e3o. &#8211;<\/p>\n\t\t<\/div>\n\t\t\n\t\t<a class=\"elementor-post__read-more\" href=\"https:\/\/www.sfup.org\/sfupwp\/karate-provas-oficiais\/\" aria-label=\"Read more about Karat\u00e9 &#8211; provas oficiais\" tabindex=\"-1\">\n\t\t\tLer mais \u00bb\t\t<\/a>\n\n\t\t\t\t<\/div>\n\t\t\t\t<\/article>\n\t\t\t\t<article class=\"elementor-post elementor-grid-item post-5882 post type-post status-publish format-standard has-post-thumbnail hentry category-noticias tag-teatrup\" role=\"listitem\">\n\t\t\t\t<a class=\"elementor-post__thumbnail__link\" href=\"https:\/\/www.sfup.org\/sfupwp\/dionisiacas\/\" tabindex=\"-1\">\n\t\t\t<div class=\"elementor-post__thumbnail\"><img loading=\"lazy\" decoding=\"async\" width=\"212\" height=\"300\" src=\"https:\/\/www.sfup.org\/sfupwp\/wp-content\/uploads\/2023\/03\/Dionisiacas_page-0001-212x300.jpg\" class=\"attachment-medium size-medium wp-image-5884\" alt=\"\" srcset=\"https:\/\/www.sfup.org\/sfupwp\/wp-content\/uploads\/2023\/03\/Dionisiacas_page-0001-212x300.jpg 212w, https:\/\/www.sfup.org\/sfupwp\/wp-content\/uploads\/2023\/03\/Dionisiacas_page-0001-725x1024.jpg 725w, https:\/\/www.sfup.org\/sfupwp\/wp-content\/uploads\/2023\/03\/Dionisiacas_page-0001-768x1085.jpg 768w, https:\/\/www.sfup.org\/sfupwp\/wp-content\/uploads\/2023\/03\/Dionisiacas_page-0001-1087x1536.jpg 1087w, https:\/\/www.sfup.org\/sfupwp\/wp-content\/uploads\/2023\/03\/Dionisiacas_page-0001.jpg 1241w\" sizes=\"(max-width: 212px) 100vw, 212px\" \/><\/div>\n\t\t<\/a>\n\t\t\t\t<div class=\"elementor-post__text\">\n\t\t\t\t<h3 class=\"elementor-post__title\">\n\t\t\t<a href=\"https:\/\/www.sfup.org\/sfupwp\/dionisiacas\/\">\n\t\t\t\tDionis\u00edacas\t\t\t<\/a>\n\t\t<\/h3>\n\t\t\t\t<div class=\"elementor-post__meta-data\">\n\t\t\t\t\t<span class=\"elementor-post-date\">\n\t\t\t11 Mar\u00e7o, 2023\t\t<\/span>\n\t\t\t\t<\/div>\n\t\t\t\t<div class=\"elementor-post__excerpt\">\n\t\t\t\t\t<\/div>\n\t\t\n\t\t<a class=\"elementor-post__read-more\" href=\"https:\/\/www.sfup.org\/sfupwp\/dionisiacas\/\" aria-label=\"Read more about Dionis\u00edacas\" tabindex=\"-1\">\n\t\t\tLer mais \u00bb\t\t<\/a>\n\n\t\t\t\t<\/div>\n\t\t\t\t<\/article>\n\t\t\t\t<article class=\"elementor-post elementor-grid-item post-5864 post type-post status-publish format-standard has-post-thumbnail hentry category-noticias tag-associativismo tag-quota\" role=\"listitem\">\n\t\t\t\t<a class=\"elementor-post__thumbnail__link\" href=\"https:\/\/www.sfup.org\/sfupwp\/quotas-2023\/\" tabindex=\"-1\">\n\t\t\t<div class=\"elementor-post__thumbnail\"><img loading=\"lazy\" decoding=\"async\" width=\"300\" height=\"152\" src=\"https:\/\/www.sfup.org\/sfupwp\/wp-content\/uploads\/2023\/01\/1-300x152.jpg\" class=\"attachment-medium size-medium wp-image-5865\" alt=\"\" srcset=\"https:\/\/www.sfup.org\/sfupwp\/wp-content\/uploads\/2023\/01\/1-300x152.jpg 300w, https:\/\/www.sfup.org\/sfupwp\/wp-content\/uploads\/2023\/01\/1-768x390.jpg 768w, https:\/\/www.sfup.org\/sfupwp\/wp-content\/uploads\/2023\/01\/1.jpg 865w\" sizes=\"(max-width: 300px) 100vw, 300px\" \/><\/div>\n\t\t<\/a>\n\t\t\t\t<div class=\"elementor-post__text\">\n\t\t\t\t<h3 class=\"elementor-post__title\">\n\t\t\t<a href=\"https:\/\/www.sfup.org\/sfupwp\/quotas-2023\/\">\n\t\t\t\tQuotas 2023\t\t\t<\/a>\n\t\t<\/h3>\n\t\t\t\t<div class=\"elementor-post__meta-data\">\n\t\t\t\t\t<span class=\"elementor-post-date\">\n\t\t\t26 Janeiro, 2023\t\t<\/span>\n\t\t\t\t<\/div>\n\t\t\t\t<div class=\"elementor-post__excerpt\">\n\t\t\t<p>Exmos. Associados, As quotas de 2023 encontram-se a pagamento e poder\u00e3o ser pagas de duas formas: &#8211; Transfer\u00eancia Banc\u00e1ria para o NIB: 0010 0000 2339 5660 0016 4 (envio de comprovativo para e e-mail geral@sfup.org &#8211; Pagamento em dinheiro, durante a semana, entre as 18h e as 20h. &nbsp;<\/p>\n\t\t<\/div>\n\t\t\n\t\t<a class=\"elementor-post__read-more\" href=\"https:\/\/www.sfup.org\/sfupwp\/quotas-2023\/\" aria-label=\"Read more about Quotas 2023\" tabindex=\"-1\">\n\t\t\tLer mais \u00bb\t\t<\/a>\n\n\t\t\t\t<\/div>\n\t\t\t\t<\/article>\n\t\t\t\t<article class=\"elementor-post elementor-grid-item post-5861 post type-post status-publish format-standard has-post-thumbnail hentry category-noticias tag-assembleia-geral\" role=\"listitem\">\n\t\t\t\t<a class=\"elementor-post__thumbnail__link\" href=\"https:\/\/www.sfup.org\/sfupwp\/assembleia-geral\/\" tabindex=\"-1\">\n\t\t\t<div class=\"elementor-post__thumbnail\"><img loading=\"lazy\" decoding=\"async\" width=\"212\" height=\"300\" src=\"https:\/\/www.sfup.org\/sfupwp\/wp-content\/uploads\/2023\/01\/Convocat\u00f3ria-AG_28_janeiro-212x300.png\" class=\"attachment-medium size-medium wp-image-5862\" alt=\"\" srcset=\"https:\/\/www.sfup.org\/sfupwp\/wp-content\/uploads\/2023\/01\/Convocat\u00f3ria-AG_28_janeiro-212x300.png 212w, https:\/\/www.sfup.org\/sfupwp\/wp-content\/uploads\/2023\/01\/Convocat\u00f3ria-AG_28_janeiro-724x1024.png 724w, https:\/\/www.sfup.org\/sfupwp\/wp-content\/uploads\/2023\/01\/Convocat\u00f3ria-AG_28_janeiro-768x1086.png 768w, https:\/\/www.sfup.org\/sfupwp\/wp-content\/uploads\/2023\/01\/Convocat\u00f3ria-AG_28_janeiro-1086x1536.png 1086w, https:\/\/www.sfup.org\/sfupwp\/wp-content\/uploads\/2023\/01\/Convocat\u00f3ria-AG_28_janeiro.png 1241w\" sizes=\"(max-width: 212px) 100vw, 212px\" \/><\/div>\n\t\t<\/a>\n\t\t\t\t<div class=\"elementor-post__text\">\n\t\t\t\t<h3 class=\"elementor-post__title\">\n\t\t\t<a href=\"https:\/\/www.sfup.org\/sfupwp\/assembleia-geral\/\">\n\t\t\t\tAssembleia Geral\t\t\t<\/a>\n\t\t<\/h3>\n\t\t\t\t<div class=\"elementor-post__meta-data\">\n\t\t\t\t\t<span class=\"elementor-post-date\">\n\t\t\t26 Janeiro, 2023\t\t<\/span>\n\t\t\t\t<\/div>\n\t\t\t\t<div class=\"elementor-post__excerpt\">\n\t\t\t<p>Exmos Associados, A SFUP convida-vos a estar presentes na Assembleia Geral Ordin\u00e1ria,\u00a0que decorrer\u00e1 no pr\u00f3ximo dia 28 de janeiro \u00e0s 17h30.<\/p>\n\t\t<\/div>\n\t\t\n\t\t<a class=\"elementor-post__read-more\" href=\"https:\/\/www.sfup.org\/sfupwp\/assembleia-geral\/\" aria-label=\"Read more about Assembleia Geral\" tabindex=\"-1\">\n\t\t\tLer mais \u00bb\t\t<\/a>\n\n\t\t\t\t<\/div>\n\t\t\t\t<\/article>\n\t\t\t\t<article class=\"elementor-post elementor-grid-item post-5857 post type-post status-publish format-standard has-post-thumbnail hentry category-noticias tag-arte-marcial tag-box tag-boxe tag-combate tag-desporto\" role=\"listitem\">\n\t\t\t\t<a class=\"elementor-post__thumbnail__link\" href=\"https:\/\/www.sfup.org\/sfupwp\/aula-experimental-de-boxe\/\" tabindex=\"-1\">\n\t\t\t<div class=\"elementor-post__thumbnail\"><img loading=\"lazy\" decoding=\"async\" width=\"169\" height=\"300\" src=\"https:\/\/www.sfup.org\/sfupwp\/wp-content\/uploads\/2022\/10\/2022_10-Cartaz-Boxe-169x300.png\" class=\"attachment-medium size-medium wp-image-5858\" alt=\"\" srcset=\"https:\/\/www.sfup.org\/sfupwp\/wp-content\/uploads\/2022\/10\/2022_10-Cartaz-Boxe-169x300.png 169w, https:\/\/www.sfup.org\/sfupwp\/wp-content\/uploads\/2022\/10\/2022_10-Cartaz-Boxe-576x1024.png 576w, https:\/\/www.sfup.org\/sfupwp\/wp-content\/uploads\/2022\/10\/2022_10-Cartaz-Boxe-768x1365.png 768w, https:\/\/www.sfup.org\/sfupwp\/wp-content\/uploads\/2022\/10\/2022_10-Cartaz-Boxe-864x1536.png 864w, https:\/\/www.sfup.org\/sfupwp\/wp-content\/uploads\/2022\/10\/2022_10-Cartaz-Boxe.png 1080w\" sizes=\"(max-width: 169px) 100vw, 169px\" \/><\/div>\n\t\t<\/a>\n\t\t\t\t<div class=\"elementor-post__text\">\n\t\t\t\t<h3 class=\"elementor-post__title\">\n\t\t\t<a href=\"https:\/\/www.sfup.org\/sfupwp\/aula-experimental-de-boxe\/\">\n\t\t\t\tAula experimental de Boxe\t\t\t<\/a>\n\t\t<\/h3>\n\t\t\t\t<div class=\"elementor-post__meta-data\">\n\t\t\t\t\t<span class=\"elementor-post-date\">\n\t\t\t10 Outubro, 2022\t\t<\/span>\n\t\t\t\t<\/div>\n\t\t\t\t<div class=\"elementor-post__excerpt\">\n\t\t\t<p>A SFUP vai apostar nas aulas de boxe, um desporto de combate e arte marcial. Como tal, ser\u00e1 feita uma aula aberta, totalmente experimental, no dia 13 de outubro. &nbsp; Formul\u00e1rio para inscri\u00e7\u00f5es gratuitas AQUI<\/p>\n\t\t<\/div>\n\t\t\n\t\t<a class=\"elementor-post__read-more\" href=\"https:\/\/www.sfup.org\/sfupwp\/aula-experimental-de-boxe\/\" aria-label=\"Read more about Aula experimental de Boxe\" tabindex=\"-1\">\n\t\t\tLer mais \u00bb\t\t<\/a>\n\n\t\t\t\t<\/div>\n\t\t\t\t<\/article>\n\t\t\t\t<article class=\"elementor-post elementor-grid-item post-5852 post type-post status-publish format-standard has-post-thumbnail hentry category-noticias tag-ginastica\" role=\"listitem\">\n\t\t\t\t<a class=\"elementor-post__thumbnail__link\" href=\"https:\/\/www.sfup.org\/sfupwp\/ginastica-inicio\/\" tabindex=\"-1\">\n\t\t\t<div class=\"elementor-post__thumbnail\"><img loading=\"lazy\" decoding=\"async\" width=\"300\" height=\"300\" src=\"https:\/\/www.sfup.org\/sfupwp\/wp-content\/uploads\/2022\/09\/Instagram-post-gym-1-300x300.png\" class=\"attachment-medium size-medium wp-image-5853\" alt=\"\" srcset=\"https:\/\/www.sfup.org\/sfupwp\/wp-content\/uploads\/2022\/09\/Instagram-post-gym-1-300x300.png 300w, https:\/\/www.sfup.org\/sfupwp\/wp-content\/uploads\/2022\/09\/Instagram-post-gym-1-1024x1024.png 1024w, https:\/\/www.sfup.org\/sfupwp\/wp-content\/uploads\/2022\/09\/Instagram-post-gym-1-150x150.png 150w, https:\/\/www.sfup.org\/sfupwp\/wp-content\/uploads\/2022\/09\/Instagram-post-gym-1-768x768.png 768w, https:\/\/www.sfup.org\/sfupwp\/wp-content\/uploads\/2022\/09\/Instagram-post-gym-1.png 1080w\" sizes=\"(max-width: 300px) 100vw, 300px\" \/><\/div>\n\t\t<\/a>\n\t\t\t\t<div class=\"elementor-post__text\">\n\t\t\t\t<h3 class=\"elementor-post__title\">\n\t\t\t<a href=\"https:\/\/www.sfup.org\/sfupwp\/ginastica-inicio\/\">\n\t\t\t\tGin\u00e1stica &#8211; In\u00edcio\t\t\t<\/a>\n\t\t<\/h3>\n\t\t\t\t<div class=\"elementor-post__meta-data\">\n\t\t\t\t\t<span class=\"elementor-post-date\">\n\t\t\t7 Setembro, 2022\t\t<\/span>\n\t\t\t\t<\/div>\n\t\t\t\t<div class=\"elementor-post__excerpt\">\n\t\t\t<p>As aulas de Gin\u00e1stica (aer\u00f3bica, step e localizada) come\u00e7ar\u00e3o na pr\u00f3xima 2\u00aa feira, dia 12 de setembro. O professor \u00e9 novo, mas os hor\u00e1rios mant\u00eam-se: das 20h45 \u00e0s 21h30. Apare\u00e7am!<\/p>\n\t\t<\/div>\n\t\t\n\t\t<a class=\"elementor-post__read-more\" href=\"https:\/\/www.sfup.org\/sfupwp\/ginastica-inicio\/\" aria-label=\"Read more about Gin\u00e1stica &#8211; In\u00edcio\" tabindex=\"-1\">\n\t\t\tLer mais \u00bb\t\t<\/a>\n\n\t\t\t\t<\/div>\n\t\t\t\t<\/article>\n\t\t\t\t<\/div>\n\t\t\n\t\t\t\t<div class=\"e-load-more-anchor\" data-page=\"1\" data-max-page=\"10\" data-next-page=\"https:\/\/www.sfup.org\/sfupwp\/wp-json\/wp\/v2\/pages\/258\/page\/2\/\"><\/div>\n\t\t\t\t<nav class=\"elementor-pagination\" aria-label=\"Pagination\">\n\t\t\t<span aria-current=\"page\" class=\"page-numbers current\"><span class=\"elementor-screen-only\">Page<\/span>1<\/span>\n<a class=\"page-numbers\" href=\"https:\/\/www.sfup.org\/sfupwp\/wp-json\/wp\/v2\/pages\/258\/page\/2\/\"><span class=\"elementor-screen-only\">Page<\/span>2<\/a>\n<a class=\"page-numbers\" href=\"https:\/\/www.sfup.org\/sfupwp\/wp-json\/wp\/v2\/pages\/258\/page\/3\/\"><span class=\"elementor-screen-only\">Page<\/span>3<\/a>\n<a class=\"page-numbers\" href=\"https:\/\/www.sfup.org\/sfupwp\/wp-json\/wp\/v2\/pages\/258\/page\/4\/\"><span class=\"elementor-screen-only\">Page<\/span>4<\/a>\n<a class=\"page-numbers\" href=\"https:\/\/www.sfup.org\/sfupwp\/wp-json\/wp\/v2\/pages\/258\/page\/5\/\"><span class=\"elementor-screen-only\">Page<\/span>5<\/a>\n<a class=\"page-numbers\" href=\"https:\/\/www.sfup.org\/sfupwp\/wp-json\/wp\/v2\/pages\/258\/page\/6\/\"><span class=\"elementor-screen-only\">Page<\/span>6<\/a>\n<a class=\"page-numbers\" href=\"https:\/\/www.sfup.org\/sfupwp\/wp-json\/wp\/v2\/pages\/258\/page\/7\/\"><span class=\"elementor-screen-only\">Page<\/span>7<\/a>\n<a class=\"page-numbers\" href=\"https:\/\/www.sfup.org\/sfupwp\/wp-json\/wp\/v2\/pages\/258\/page\/8\/\"><span class=\"elementor-screen-only\">Page<\/span>8<\/a>\n<a class=\"page-numbers\" href=\"https:\/\/www.sfup.org\/sfupwp\/wp-json\/wp\/v2\/pages\/258\/page\/9\/\"><span class=\"elementor-screen-only\">Page<\/span>9<\/a>\n<a class=\"page-numbers\" href=\"https:\/\/www.sfup.org\/sfupwp\/wp-json\/wp\/v2\/pages\/258\/page\/10\/\"><span class=\"elementor-screen-only\">Page<\/span>10<\/a>\t\t<\/nav>\n\t\t\t\t\t\t<\/div>\n\t\t\t\t<\/div>\n\t\t\t\t\t<\/div>\n\t\t\t\t<\/div>\n\t\t\t\t<\/div>\n\t\t","protected":false},"excerpt":{"rendered":"<p>A atualidade da SFUP NOT\u00cdCIAS Acompanhe as \u00faltimas novidades da SFUP: espet\u00e1culos, novidades das atividades e muito mais.<\/p>\n","protected":false},"author":11,"featured_media":0,"parent":0,"menu_order":0,"comment_status":"closed","ping_status":"closed","template":"","meta":{"footnotes":""},"class_list":["post-258","page","type-page","status-publish","hentry"],"_links":{"self":[{"href":"https:\/\/www.sfup.org\/sfupwp\/wp-json\/wp\/v2\/pages\/258","targetHints":{"allow":["GET"]}}],"collection":[{"href":"https:\/\/www.sfup.org\/sfupwp\/wp-json\/wp\/v2\/pages"}],"about":[{"href":"https:\/\/www.sfup.org\/sfupwp\/wp-json\/wp\/v2\/types\/page"}],"author":[{"embeddable":true,"href":"https:\/\/www.sfup.org\/sfupwp\/wp-json\/wp\/v2\/users\/11"}],"replies":[{"embeddable":true,"href":"https:\/\/www.sfup.org\/sfupwp\/wp-json\/wp\/v2\/comments?post=258"}],"version-history":[{"count":63,"href":"https:\/\/www.sfup.org\/sfupwp\/wp-json\/wp\/v2\/pages\/258\/revisions"}],"predecessor-version":[{"id":25534,"href":"https:\/\/www.sfup.org\/sfupwp\/wp-json\/wp\/v2\/pages\/258\/revisions\/25534"}],"wp:attachment":[{"href":"https:\/\/www.sfup.org\/sfupwp\/wp-json\/wp\/v2\/media?parent=258"}],"curies":[{"name":"wp","href":"https:\/\/api.w.org\/{rel}","templated":true}]}}